{"version":"1.0","provider_name":"QIKA","provider_url":"https:\/\/qika.org\/en\/","author_name":"Blenda Asllani","author_url":"https:\/\/qika.org\/en\/author\/blenda-asllani\/","title":"Kryeminist\u00ebr dhe Presidente, mos e amistoni Akil Gjakov\u00ebn! - QIKA","type":"rich","width":600,"height":338,"html":"<blockquote class=\"wp-embedded-content\" data-secret=\"o2XvYP1BzM\"><a href=\"https:\/\/qika.org\/en\/activities\/kryeminister-dhe-presidentte-mos-e-amistoni-akil-gjakoven\/\">Kryeminist\u00ebr dhe Presidente, mos e amistoni Akil Gjakov\u00ebn!<\/a><\/blockquote><iframe sandbox=\"allow-scripts\" security=\"restricted\" src=\"https:\/\/qika.org\/en\/activities\/kryeminister-dhe-presidentte-mos-e-amistoni-akil-gjakoven\/embed\/#?secret=o2XvYP1BzM\" width=\"600\" height=\"338\" title=\"&#8220;Kryeminist\u00ebr dhe Presidente, mos e amistoni Akil Gjakov\u00ebn!&#8221; &#8212; QIKA\" data-secret=\"o2XvYP1BzM\" frameborder=\"0\" marginwidth=\"0\" marginheight=\"0\" scrolling=\"no\" class=\"wp-embedded-content\"><\/iframe><script type=\"text\/javascript\">\n\/* <![CDATA[ *\/\n\/*! This file is auto-generated *\/\n!function(d,l){\"use strict\";l.querySelector&&d.addEventListener&&\"undefined\"!=typeof URL&&(d.wp=d.wp||{},d.wp.receiveEmbedMessage||(d.wp.receiveEmbedMessage=function(e){var t=e.data;if((t||t.secret||t.message||t.value)&&!\/[^a-zA-Z0-9]\/.test(t.secret)){for(var s,r,n,a=l.querySelectorAll('iframe[data-secret=\"'+t.secret+'\"]'),o=l.querySelectorAll('blockquote[data-secret=\"'+t.secret+'\"]'),c=new RegExp(\"^https?:$\",\"i\"),i=0;i<o.length;i++)o[i].style.display=\"none\";for(i=0;i<a.length;i++)s=a[i],e.source===s.contentWindow&&(s.removeAttribute(\"style\"),\"height\"===t.message?(1e3<(r=parseInt(t.value,10))?r=1e3:~~r<200&&(r=200),s.height=r):\"link\"===t.message&&(r=new URL(s.getAttribute(\"src\")),n=new URL(t.value),c.test(n.protocol))&&n.host===r.host&&l.activeElement===s&&(d.top.location.href=t.value))}},d.addEventListener(\"message\",d.wp.receiveEmbedMessage,!1),l.addEventListener(\"DOMContentLoaded\",function(){for(var e,t,s=l.querySelectorAll(\"iframe.wp-embedded-content\"),r=0;r<s.length;r++)(t=(e=s[r]).getAttribute(\"data-secret\"))||(t=Math.random().toString(36).substring(2,12),e.src+=\"#?secret=\"+t,e.setAttribute(\"data-secret\",t)),e.contentWindow.postMessage({message:\"ready\",secret:t},\"*\")},!1)))}(window,document);\n\/\/# sourceURL=https:\/\/qika.org\/wp-includes\/js\/wp-embed.min.js\n\/* ]]> *\/\n<\/script>\n","thumbnail_url":"https:\/\/qika.org\/wp-content\/uploads\/2024\/07\/Kryeminister-dhe-Presidente.png","thumbnail_width":1080,"thumbnail_height":1080,"description":"Jemi t\u00eb indinjuara nga paraqitja e djeshme e Kryeministrit Kurti dhe Presidentes Osmani n\u00eb ceremonin\u00eb e dor\u00ebzimit t\u00eb flamurit p\u00ebr ekipin olimpik t\u00eb Kosov\u00ebs q\u00eb do t\u00eb marr\u00eb pjes\u00eb n\u00eb Loj\u00ebrat Olimpike n\u00eb Paris. N\u00eb nj\u00eb koh\u00eb kur ne si shoq\u00ebri duhet t\u00eb jemi t\u00eb bashkuar kund\u00ebr \u00e7do forme t\u00eb dhun\u00ebs, Kurti e Osmani mb\u00ebshtet\u00ebn [&hellip;]"}