{"id":9554,"date":"2024-07-16T14:22:16","date_gmt":"2024-07-16T13:22:16","guid":{"rendered":"https:\/\/qika.org\/?post_type=activities&#038;p=9554"},"modified":"2025-02-27T13:20:30","modified_gmt":"2025-02-27T12:20:30","slug":"kryeminister-dhe-presidentte-mos-e-amistoni-akil-gjakoven","status":"publish","type":"activities","link":"https:\/\/qika.org\/en\/activities\/kryeminister-dhe-presidentte-mos-e-amistoni-akil-gjakoven\/","title":{"rendered":"Kryeminist\u00ebr dhe Presidente, mos e amistoni Akil Gjakov\u00ebn!"},"content":{"rendered":"\n<p>Jemi t\u00eb indinjuara nga paraqitja e djeshme e Kryeministrit Kurti dhe Presidentes Osmani n\u00eb ceremonin\u00eb e dor\u00ebzimit t\u00eb flamurit p\u00ebr ekipin olimpik t\u00eb Kosov\u00ebs q\u00eb do t\u00eb marr\u00eb pjes\u00eb n\u00eb Loj\u00ebrat Olimpike n\u00eb Paris. N\u00eb nj\u00eb koh\u00eb kur ne si shoq\u00ebri duhet t\u00eb jemi t\u00eb bashkuar kund\u00ebr \u00e7do forme t\u00eb dhun\u00ebs, Kurti e Osmani mb\u00ebshtet\u00ebn dje publikisht duke i p\u00ebrmendur emrin e lavd\u00ebruar xhudistin Akil Gjakova, i cili aktualisht \u00ebsht\u00eb n\u00ebn hetime p\u00ebr dhun\u00eb n\u00eb familje. Gjithashtu dit\u00eb m\u00eb par\u00eb kryeministri kishte publikuar edhe nj\u00eb video mb\u00ebshtet\u00ebse p\u00ebr ekipin ku ishte i pranish\u00ebm edhe xhudisti Gjakova.<\/p>\n\n\n\n<p>Gjakova \u00ebsht\u00eb denoncuar n\u00eb polici n\u00eb muajin prill t\u00eb k\u00ebtij viti p\u00ebr dhun\u00eb fizike dhe psikologjike nga gruaja e tij. Prokuroria kishte k\u00ebrkuar mas\u00eb paraburgimi p\u00ebr 30 dit\u00eb p\u00ebr xhudistin, por Gjykata e Pej\u00ebs e kishte refuzuar t\u00eb nj\u00ebjt\u00ebn. Megjithat\u00eb, Gjykata ka vendosur q\u00eb atij i ndalohet t\u2019i afrohet gruas n\u00eb distanc\u00eb prej 50 metrash n\u00eb periudh\u00eb kohore nj\u00eb vje\u00e7are. Pra denoncimi, k\u00ebrkesa p\u00ebr paraburgim si dhe vendimi p\u00ebr ndales\u00eb t\u00eb af\u00ebrsis\u00eb, jan\u00eb bazuar n\u00eb dyshime serioze lidhur me vepr\u00ebn t\u00eb cil\u00ebn po akuzohet.<\/p>\n\n\n\n<p>Derisa respektojm\u00eb procesin gjyqsor, duhet t\u00eb kujtojm\u00eb se mb\u00ebshtetja publike p\u00ebr individ\u00eb t\u00eb p\u00ebrfshir\u00eb n\u00eb hetime t\u00eb tilla d\u00ebrgon mesazh t\u00eb gabuar p\u00ebr viktimat e dhun\u00ebs dhe p\u00ebr shoq\u00ebrin\u00eb n\u00eb p\u00ebrgjith\u00ebsi. Dhuna n\u00eb familje \u00ebsht\u00eb \u00e7\u00ebshtje serioze q\u00eb k\u00ebrkon v\u00ebmendjen dhe veprimin e gjith\u00eb komunitetit, k\u00ebshtuq\u00eb personat me p\u00ebrgjegj\u00ebsi publike\/politike duhet t\u00eb jen\u00eb shembull i solidaritetit dhe mb\u00ebshtetjes p\u00ebr viktimat, duke promovuar drejt\u00ebsin\u00eb dhe barazin\u00eb.<\/p>\n\n\n\n<p>\u00c7do veprim q\u00eb ushqen normalizimin ose minimizimin e dhun\u00ebs nuk \u00ebsht\u00eb i pranuesh\u00ebm dhe nuk p\u00ebrfaq\u00ebson vlerat q\u00eb duhet t\u00eb synojm\u00eb si shoq\u00ebri.<\/p>\n","protected":false},"featured_media":9555,"template":"","class_list":["post-9554","activities","type-activities","status-publish","has-post-thumbnail","hentry"],"acf":[],"yoast_head":"<!-- This site is optimized with the Yoast SEO plugin v23.5 - https:\/\/yoast.com\/wordpress\/plugins\/seo\/ -->\n<title>Kryeminist\u00ebr dhe Presidente, mos e amistoni Akil Gjakov\u00ebn! - QIKA<\/title>\n<meta name=\"robots\" content=\"index, follow, max-snippet:-1, max-image-preview:large, max-video-preview:-1\" \/>\n<link rel=\"canonical\" href=\"https:\/\/qika.org\/activities\/kryeminister-dhe-presidentte-mos-e-amistoni-akil-gjakoven\/\" \/>\n<meta property=\"og:locale\" content=\"en_US\" \/>\n<meta property=\"og:type\" content=\"article\" \/>\n<meta property=\"og:title\" content=\"Kryeminist\u00ebr dhe Presidente, mos e amistoni Akil Gjakov\u00ebn! - QIKA\" \/>\n<meta property=\"og:description\" content=\"Jemi t\u00eb indinjuara nga paraqitja e djeshme e Kryeministrit Kurti dhe Presidentes Osmani n\u00eb ceremonin\u00eb e dor\u00ebzimit t\u00eb flamurit p\u00ebr ekipin olimpik t\u00eb Kosov\u00ebs q\u00eb do t\u00eb marr\u00eb pjes\u00eb n\u00eb Loj\u00ebrat Olimpike n\u00eb Paris. N\u00eb nj\u00eb koh\u00eb kur ne si shoq\u00ebri duhet t\u00eb jemi t\u00eb bashkuar kund\u00ebr \u00e7do forme t\u00eb dhun\u00ebs, Kurti e Osmani mb\u00ebshtet\u00ebn [&hellip;]\" \/>\n<meta property=\"og:url\" content=\"https:\/\/qika.org\/activities\/kryeminister-dhe-presidentte-mos-e-amistoni-akil-gjakoven\/\" \/>\n<meta property=\"og:site_name\" content=\"QIKA\" \/>\n<meta property=\"article:modified_time\" content=\"2025-02-27T12:20:30+00:00\" \/>\n<meta property=\"og:image\" content=\"https:\/\/qika.org\/wp-content\/uploads\/2024\/07\/Kryeminister-dhe-Presidente.png\" \/>\n\t<meta property=\"og:image:width\" content=\"1080\" \/>\n\t<meta property=\"og:image:height\" content=\"1080\" \/>\n\t<meta property=\"og:image:type\" content=\"image\/png\" \/>\n<meta name=\"twitter:card\" content=\"summary_large_image\" \/>\n<meta name=\"twitter:label1\" content=\"Est. reading time\" \/>\n\t<meta name=\"twitter:data1\" content=\"1 minute\" \/>\n<script type=\"application\/ld+json\" class=\"yoast-schema-graph\">{\"@context\":\"https:\/\/schema.org\",\"@graph\":[{\"@type\":\"WebPage\",\"@id\":\"https:\/\/qika.org\/activities\/kryeminister-dhe-presidentte-mos-e-amistoni-akil-gjakoven\/\",\"url\":\"https:\/\/qika.org\/activities\/kryeminister-dhe-presidentte-mos-e-amistoni-akil-gjakoven\/\",\"name\":\"Kryeminist\u00ebr dhe Presidente, mos e amistoni Akil Gjakov\u00ebn! - QIKA\",\"isPartOf\":{\"@id\":\"https:\/\/qika.org\/#website\"},\"primaryImageOfPage\":{\"@id\":\"https:\/\/qika.org\/activities\/kryeminister-dhe-presidentte-mos-e-amistoni-akil-gjakoven\/#primaryimage\"},\"image\":{\"@id\":\"https:\/\/qika.org\/activities\/kryeminister-dhe-presidentte-mos-e-amistoni-akil-gjakoven\/#primaryimage\"},\"thumbnailUrl\":\"https:\/\/qika.org\/wp-content\/uploads\/2024\/07\/Kryeminister-dhe-Presidente.png\",\"datePublished\":\"2024-07-16T13:22:16+00:00\",\"dateModified\":\"2025-02-27T12:20:30+00:00\",\"breadcrumb\":{\"@id\":\"https:\/\/qika.org\/activities\/kryeminister-dhe-presidentte-mos-e-amistoni-akil-gjakoven\/#breadcrumb\"},\"inLanguage\":\"en-US\",\"potentialAction\":[{\"@type\":\"ReadAction\",\"target\":[\"https:\/\/qika.org\/activities\/kryeminister-dhe-presidentte-mos-e-amistoni-akil-gjakoven\/\"]}]},{\"@type\":\"ImageObject\",\"inLanguage\":\"en-US\",\"@id\":\"https:\/\/qika.org\/activities\/kryeminister-dhe-presidentte-mos-e-amistoni-akil-gjakoven\/#primaryimage\",\"url\":\"https:\/\/qika.org\/wp-content\/uploads\/2024\/07\/Kryeminister-dhe-Presidente.png\",\"contentUrl\":\"https:\/\/qika.org\/wp-content\/uploads\/2024\/07\/Kryeminister-dhe-Presidente.png\",\"width\":1080,\"height\":1080},{\"@type\":\"BreadcrumbList\",\"@id\":\"https:\/\/qika.org\/activities\/kryeminister-dhe-presidentte-mos-e-amistoni-akil-gjakoven\/#breadcrumb\",\"itemListElement\":[{\"@type\":\"ListItem\",\"position\":1,\"name\":\"Home\",\"item\":\"https:\/\/qika.org\/en\/\"},{\"@type\":\"ListItem\",\"position\":2,\"name\":\"Kryeminist\u00ebr dhe Presidente, mos e amistoni Akil Gjakov\u00ebn!\"}]},{\"@type\":\"WebSite\",\"@id\":\"https:\/\/qika.org\/#website\",\"url\":\"https:\/\/qika.org\/\",\"name\":\"QIKA\",\"description\":\"Qendra p\u00ebr Informim, Kritik\u00eb dhe Aksion\",\"potentialAction\":[{\"@type\":\"SearchAction\",\"target\":{\"@type\":\"EntryPoint\",\"urlTemplate\":\"https:\/\/qika.org\/?s={search_term_string}\"},\"query-input\":{\"@type\":\"PropertyValueSpecification\",\"valueRequired\":true,\"valueName\":\"search_term_string\"}}],\"inLanguage\":\"en-US\"}]}<\/script>\n<!-- \/ Yoast SEO plugin. -->","yoast_head_json":{"title":"Kryeminist\u00ebr dhe Presidente, mos e amistoni Akil Gjakov\u00ebn! - QIKA","robots":{"index":"index","follow":"follow","max-snippet":"max-snippet:-1","max-image-preview":"max-image-preview:large","max-video-preview":"max-video-preview:-1"},"canonical":"https:\/\/qika.org\/activities\/kryeminister-dhe-presidentte-mos-e-amistoni-akil-gjakoven\/","og_locale":"en_US","og_type":"article","og_title":"Kryeminist\u00ebr dhe Presidente, mos e amistoni Akil Gjakov\u00ebn! - QIKA","og_description":"Jemi t\u00eb indinjuara nga paraqitja e djeshme e Kryeministrit Kurti dhe Presidentes Osmani n\u00eb ceremonin\u00eb e dor\u00ebzimit t\u00eb flamurit p\u00ebr ekipin olimpik t\u00eb Kosov\u00ebs q\u00eb do t\u00eb marr\u00eb pjes\u00eb n\u00eb Loj\u00ebrat Olimpike n\u00eb Paris. N\u00eb nj\u00eb koh\u00eb kur ne si shoq\u00ebri duhet t\u00eb jemi t\u00eb bashkuar kund\u00ebr \u00e7do forme t\u00eb dhun\u00ebs, Kurti e Osmani mb\u00ebshtet\u00ebn [&hellip;]","og_url":"https:\/\/qika.org\/activities\/kryeminister-dhe-presidentte-mos-e-amistoni-akil-gjakoven\/","og_site_name":"QIKA","article_modified_time":"2025-02-27T12:20:30+00:00","og_image":[{"width":1080,"height":1080,"url":"https:\/\/qika.org\/wp-content\/uploads\/2024\/07\/Kryeminister-dhe-Presidente.png","type":"image\/png"}],"twitter_card":"summary_large_image","twitter_misc":{"Est. reading time":"1 minute"},"schema":{"@context":"https:\/\/schema.org","@graph":[{"@type":"WebPage","@id":"https:\/\/qika.org\/activities\/kryeminister-dhe-presidentte-mos-e-amistoni-akil-gjakoven\/","url":"https:\/\/qika.org\/activities\/kryeminister-dhe-presidentte-mos-e-amistoni-akil-gjakoven\/","name":"Kryeminist\u00ebr dhe Presidente, mos e amistoni Akil Gjakov\u00ebn! - QIKA","isPartOf":{"@id":"https:\/\/qika.org\/#website"},"primaryImageOfPage":{"@id":"https:\/\/qika.org\/activities\/kryeminister-dhe-presidentte-mos-e-amistoni-akil-gjakoven\/#primaryimage"},"image":{"@id":"https:\/\/qika.org\/activities\/kryeminister-dhe-presidentte-mos-e-amistoni-akil-gjakoven\/#primaryimage"},"thumbnailUrl":"https:\/\/qika.org\/wp-content\/uploads\/2024\/07\/Kryeminister-dhe-Presidente.png","datePublished":"2024-07-16T13:22:16+00:00","dateModified":"2025-02-27T12:20:30+00:00","breadcrumb":{"@id":"https:\/\/qika.org\/activities\/kryeminister-dhe-presidentte-mos-e-amistoni-akil-gjakoven\/#breadcrumb"},"inLanguage":"en-US","potentialAction":[{"@type":"ReadAction","target":["https:\/\/qika.org\/activities\/kryeminister-dhe-presidentte-mos-e-amistoni-akil-gjakoven\/"]}]},{"@type":"ImageObject","inLanguage":"en-US","@id":"https:\/\/qika.org\/activities\/kryeminister-dhe-presidentte-mos-e-amistoni-akil-gjakoven\/#primaryimage","url":"https:\/\/qika.org\/wp-content\/uploads\/2024\/07\/Kryeminister-dhe-Presidente.png","contentUrl":"https:\/\/qika.org\/wp-content\/uploads\/2024\/07\/Kryeminister-dhe-Presidente.png","width":1080,"height":1080},{"@type":"BreadcrumbList","@id":"https:\/\/qika.org\/activities\/kryeminister-dhe-presidentte-mos-e-amistoni-akil-gjakoven\/#breadcrumb","itemListElement":[{"@type":"ListItem","position":1,"name":"Home","item":"https:\/\/qika.org\/en\/"},{"@type":"ListItem","position":2,"name":"Kryeminist\u00ebr dhe Presidente, mos e amistoni Akil Gjakov\u00ebn!"}]},{"@type":"WebSite","@id":"https:\/\/qika.org\/#website","url":"https:\/\/qika.org\/","name":"QIKA","description":"Qendra p\u00ebr Informim, Kritik\u00eb dhe Aksion","potentialAction":[{"@type":"SearchAction","target":{"@type":"EntryPoint","urlTemplate":"https:\/\/qika.org\/?s={search_term_string}"},"query-input":{"@type":"PropertyValueSpecification","valueRequired":true,"valueName":"search_term_string"}}],"inLanguage":"en-US"}]}},"_links":{"self":[{"href":"https:\/\/qika.org\/en\/wp-json\/wp\/v2\/activities\/9554","targetHints":{"allow":["GET"]}}],"collection":[{"href":"https:\/\/qika.org\/en\/wp-json\/wp\/v2\/activities"}],"about":[{"href":"https:\/\/qika.org\/en\/wp-json\/wp\/v2\/types\/activities"}],"wp:featuredmedia":[{"embeddable":true,"href":"https:\/\/qika.org\/en\/wp-json\/wp\/v2\/media\/9555"}],"wp:attachment":[{"href":"https:\/\/qika.org\/en\/wp-json\/wp\/v2\/media?parent=9554"}],"curies":[{"name":"wp","href":"https:\/\/api.w.org\/{rel}","templated":true}]}}